{"id":4,"date":"2015-06-10T09:59:50","date_gmt":"2015-06-10T08:59:50","guid":{"rendered":"http:\/\/www.esquisses.eu\/revue\/?page_id=4"},"modified":"2024-10-02T19:40:51","modified_gmt":"2024-10-02T18:40:51","slug":"presentation","status":"publish","type":"page","link":"https:\/\/www.esquisses.eu\/revue\/presentation\/","title":{"rendered":"Pr\u00e9sentation"},"content":{"rendered":"\n<pre class=\"wp-block-verse Font: &quot;Helvetica, sans-serif &quot; has-large-font-size\"><em>Esquisses, en mouvement<\/em><\/pre>\n\n\n\n<div class=\"wp-block-columns is-layout-flex wp-container-2\">\n<div class=\"wp-block-column is-layout-flow\" style=\"flex-basis:100%\">\n<blockquote>\n<p><strong>Manifeste<\/strong><\/p>\n<\/blockquote>\n<p>Une revue en ligne et quelques fois en papier<br data-rich-text-line-break=\"true\">Un espace \u00e0 la crois\u00e9e des chemins inexplor\u00e9s, in(d\u00e9)finis,<br data-rich-text-line-break=\"true\">o\u00f9 viennent s\u2019\u00e9baucher des textes, des \u0153uvres plastiques, musicales,<br data-rich-text-line-break=\"true\">cin\u00e9matographiques, sous toutes leurs formes, dans un geste cr\u00e9atif<br data-rich-text-line-break=\"true\">essentiel, dans le flux qui l\u2019anime.<br data-rich-text-line-break=\"true\">Un espace en miroir, inachev\u00e9, ouvert,<br data-rich-text-line-break=\"true\">o\u00f9 viennent se refl\u00e9ter, se contester, se prolonger une id\u00e9e, un fragment,<br data-rich-text-line-break=\"true\">une pens\u00e9e, dans un trac\u00e9 esth\u00e9tique, artistique, philosophique.<br data-rich-text-line-break=\"true\">Laisser surgir, jaillir, commencer ce mouvement en \u00e9critures, en images.<br data-rich-text-line-break=\"true\">Tourner autour d\u2019une th\u00e9matique, la d\u00e9tourner, y entrer, en sortir.<br data-rich-text-line-break=\"true\">Approcher l\u2019objet sous d\u2019autres angles, entrem\u00ealer ou pas les disciplines.<br data-rich-text-line-break=\"true\">Sans jamais oublier de dire le beau, le sensible, cette perception unique<br data-rich-text-line-break=\"true\">du regard et l\u2019\u00e9motion \u00e9ph\u00e9m\u00e8re qui transporte, transcende, exalte l\u2019\u00eatre \u00e0<br data-rich-text-line-break=\"true\">l\u2019origine de l\u2019\u0153uvre.<br data-rich-text-line-break=\"true\">La priorit\u00e9 sera donn\u00e9e \u00e0 l\u2019in\u00e9dit, l\u2019inou\u00ef, l\u2019inattendu, l\u2019ineffable, le<br data-rich-text-line-break=\"true\">surprenant. En attente de ce qui va advenir, de ce qui sera laiss\u00e9 en<br data-rich-text-line-break=\"true\">suspens. En d\u00e9calage avec la notion purement historique de l\u2019art. Une<br data-rich-text-line-break=\"true\">revue ni universitaire, ni dogmatique, ni p\u00e9remptoire.<\/p>\n<p><\/p>\n<p style=\"text-align: center;\">Une revue en esquisses o\u00f9 l&rsquo;\u00e9criture s&rsquo;\u00e9ploie par souffle<\/p>\n\n\n\n<p class=\"has-text-align-right\">comme corps de la pens\u00e9e.<\/p>\n\n\n\n<p>\u00a0<\/p>\n<hr \/>\n<blockquote>\n<p><strong>Pr\u00e9sentation<\/strong><\/p>\n<\/blockquote>\n<p>La revue Esquisses est n\u00e9e en 2014 entre Montpellier et les Cabanes de Lunel o\u00f9 Bernard Salignon organisait des rencontres pour parler d&rsquo;art, de po\u00e9sie, exp\u00e9riences sensibles avec ses \u00e9tudiants en Master d&rsquo;Esth\u00e9tique et Psychanalyse puis en th\u00e8se \u00e0 l\u2019Universit\u00e9 Paul-Val\u00e9ry de Montpellier. Elle est \u00e0 ce titre un espace de travail li\u00e9 au laboratoire de recherche universitaire CRISES (Centre de Recherches interdisciplinaires en Sciences humaines et Sociales) et prolonge, en tant que publication en ligne, la revue papier <em>Dires<\/em> du Centre d\u2019\u00c9tudes Freudiennes.<\/p>\n<p>Loin de se limiter \u00e0 des discussions autour de la r\u00e9daction de m\u00e9moires puis de th\u00e8ses, cet espace de recherche s&rsquo;est affirm\u00e9 imm\u00e9diatement comme une ouverture de la parole, de l&rsquo;\u00e9criture et des recherches artistiques. <br \/>Loin de l&rsquo;acad\u00e9misme de la recherche, les id\u00e9es et les cr\u00e9ations se sont d\u00e9couvertes plus libres, plus dynamiques et li\u00e9es par une envie de fendre une br\u00e8che entre les mots et les sens.<\/p>\n<p>C&rsquo;est ainsi naturellement qu&rsquo;est apparue la volont\u00e9 de poursuivre ces recherches dans une revue d&rsquo;esth\u00e9tique afin de continuer ces \u00e9changes, cette recherche d&rsquo;une \u00e9criture singuli\u00e8re, et ce partage d&rsquo;id\u00e9es sur l&rsquo;esth\u00e9tique.<\/p>\n<p>Le nom Esquisses nous a paru parfait pour \u00e9voquer cette dynamique, cette id\u00e9e bouillonnante, m\u00eame si brouillonne, et en devenir, dans le possible qu&rsquo;offre le virtuel.<br \/>Le num\u00e9rique nous a paru id\u00e9al pour ouvrir \u00e0 tous tant la lecture et la d\u00e9couverte des articles propos\u00e9s que pour \u00e9largir le cercle d&rsquo;auteurs et cr\u00e9ateurs contribuant \u00e0 la revue.\u00a0<\/p>\n<p>Aujourd&rsquo;hui, apr\u00e8s dix ann\u00e9es, six th\u00e9matiques et des publications plus ou moins r\u00e9guli\u00e8res, les membres de la revue ne sont plus \u00e9tudiants (mais docteurs, professeurs, th\u00e9rapeutes, cr\u00e9ateurs&#8230;), pourtant ils continuent \u00e0 embrasser cette m\u00eame envie de partager et faire partager le d\u00e9sir po\u00e9tique et sensible de r\u00e9fl\u00e9chir sur l&rsquo;art \u00e0 travers des th\u00e9matiques : Pr\u00e9sences, Fronti\u00e8res et Limites, Appara\u00eetre, L&rsquo;esquisse et l&rsquo;ind\u00e9cis, Nuit et Meta.<\/p>\n<hr \/>\n<blockquote>\n<p><strong>Comit\u00e9 scientifique :<\/strong><\/p>\n<\/blockquote>\n<p>Esquisses comprend une direction plurielle de responsables. Son comit\u00e9 scientifique est compos\u00e9 du professeur d\u2019universit\u00e9 M. Bernard Salignon et du ma\u00eetre de conf\u00e9rences Mme Fr\u00e9d\u00e9rique Malaval (Universit\u00e9 Paul-Val\u00e9ry), du professeur M. Alain Chareyre-M\u00e9jan (Universit\u00e9 de Provence, Aix-Marseille), des professeurs M. Daniele Goldoni et M. Luigi Perissinotto (Universit\u00e0 Ca\u2019Foscari, Venise), du professeur Mme Daniela Angelucci (Universit\u00e0 Roma Tre) et du professeur M Felipe Cimatti (Universit\u00e0 della Calabria).<br \/>Le comit\u00e9 scientifique est en dialogue avec diff\u00e9rents chercheurs et anciens \u00e9tudiants en esth\u00e9tique et en art*, constituant ainsi le comit\u00e9 de lecture et de r\u00e9daction. L\u2019ensemble des membres est consult\u00e9 pour d\u00e9velopper les orientations scientifiques de la revue et valider chaque proposition de publication.<br \/>Chaque ann\u00e9e, la revue pr\u00e9sentera une nouvelle th\u00e9matique et d&rsquo;autres articles (P\u00e9rip\u00e9ties). La double perspective artistique et esth\u00e9tique ainsi que la transdisciplinarit\u00e9 entre ces deux champs donnera l\u2019imprimatur. Il est \u00e9vident que tout \u00e9crit et toute \u0153uvre plastique engagent la responsabilit\u00e9 de leurs auteurs.<\/p>\n<p>La revue Esquisses est ouverte \u00e0 toute publication :<\/p>\n<ul>\n<li>articles de recherche r\u00e9pondant \u00e0 une des <a href=\"https:\/\/www.esquisses.eu\/revue\/thematique\/\">Th\u00e9matiques<\/a>\u00a0d\u00e9finies<\/li>\n<li>autres questionnements esth\u00e9tiques :\u00a0<a href=\"https:\/\/www.esquisses.eu\/revue\/peripeties\/\">P\u00e9rip\u00e9ties<\/a><\/li>\n<li><a href=\"https:\/\/www.esquisses.eu\/revue\/tag\/creation\/\">Cr\u00e9ations<\/a><\/li>\n<\/ul>\n<p>* Les anciens \u00e9tudiants de la fili\u00e8re esth\u00e9tique de l&rsquo;Universit\u00e9 impliqu\u00e9s dans la cr\u00e9ation de la revue sont : Lucille Br\u00e9ard***, Pauline Desiderio***, Karin Espinosa, Ma\u00ebva Gardenat, Cindy Joy Marti, Marie Le Meur, Adrien Radaelli** et Nathalie Schleif***<\/p>\n<p>**Doctorant en esth\u00e9tique \u00e0 l&rsquo;Universit\u00e9 Paul Val\u00e9ry<\/p>\n<p>*** Docteurs en esth\u00e9tique<\/p>\n<\/div>\n<\/div>\n\n\n\n<p class=\"has-text-align-center\"><strong>Num\u00e9ro ISSN de la revue Esquisses : 2677-7932<\/strong><\/p>\n\n\n\n<p><\/p>\n","protected":false},"excerpt":{"rendered":"<p>Esquisses, en mouvement Manifeste Une revue en ligne et quelques fois en papierUn espace \u00e0 la crois\u00e9e des chemins inexplor\u00e9s, in(d\u00e9)finis,o\u00f9 viennent s\u2019\u00e9baucher des textes, des \u0153uvres plastiques, musicales,cin\u00e9matographiques, sous toutes leurs formes, dans un geste cr\u00e9atifessentiel, dans le flux qui l\u2019anime.Un espace en miroir, inachev\u00e9, ouvert,o\u00f9 viennent se refl\u00e9ter, se contester, se prolonger une [&hellip;]<\/p>\n","protected":false},"author":6,"featured_media":0,"parent":0,"menu_order":1,"comment_status":"closed","ping_status":"closed","template":"","meta":{"jetpack_post_was_ever_published":true},"jetpack_sharing_enabled":true,"jetpack_shortlink":"https:\/\/wp.me\/P8FFEZ-4","jetpack-related-posts":[{"id":227,"url":"https:\/\/www.esquisses.eu\/revue\/peripeties\/","url_meta":{"origin":4,"position":0},"title":"P\u00e9rip\u00e9ties","author":"Pauline DESIDERIO","date":"28 avril 2017","format":false,"excerpt":"Les textes de P\u00e9rip\u00e9ties am\u00e8nent \u00e0 des sentiers p\u00e9riph\u00e9riques aux th\u00e9matiques, car ils ne les d\u00e9veloppent pas directement. Or, ils proposent d\u2019autres ouvertures, pertinentes \u00e0 partager au sein de la revue qui est un lieu o\u00f9 se rassemblent les recherches esth\u00e9tiques dans des sujets \u00e9pars. Ces articles restent approuv\u00e9s par\u2026","rel":"","context":"Article similaire","block_context":{"text":"Article similaire","link":""},"img":{"alt_text":"","src":"","width":0,"height":0},"classes":[]},{"id":1485,"url":"https:\/\/www.esquisses.eu\/revue\/thematique\/meta-%ce%bc%ce%b5%cf%84%ce%ac\/","url_meta":{"origin":4,"position":1},"title":"Meta, \u03bc\u03b5\u03c4\u03ac","author":"Administrateur","date":"30 septembre 2024","format":false,"excerpt":"Au-del\u00e0, apr\u00e8s Meta, \u03bc\u03b5\u03c4\u03ac est la sixi\u00e8me th\u00e9matique de la revue, pens\u00e9e comme un renouveau \u00e0 l'heure o\u00f9 est retrac\u00e9e une ligne \u00e9ditoriale se voulant toujours plus proche du mouvement en cr\u00e9ation de la pens\u00e9e et revendiquant la pluralit\u00e9 des approches. Si le terme est aujourd'hui \u00e0 la mode, notamment\u2026","rel":"","context":"Article similaire","block_context":{"text":"Article similaire","link":""},"img":{"alt_text":"","src":"https:\/\/i0.wp.com\/www.esquisses.eu\/revue\/wp-content\/uploads\/2023\/08\/Fond_blanc.png?resize=350%2C200&ssl=1","width":350,"height":200},"classes":[]},{"id":223,"url":"https:\/\/www.esquisses.eu\/revue\/thematique\/frontieres-et-limites\/","url_meta":{"origin":4,"position":2},"title":"Fronti\u00e8res et Limites","author":"Administrateur","date":"28 avril 2017","format":false,"excerpt":"Limites et Fronti\u00e8res En les lisant, en les pronon\u00e7ant, ces deux mots laissent aussit\u00f4t \u00e9merger une vision d\u2019emp\u00eachement, d\u2019interdit, de s\u00e9paration et, par ailleurs, ils amorcent d\u00e9j\u00e0 un mouvement contraire et compl\u00e9mentaire, celui de l\u2019incitation, de l\u2019autorisation, d\u2019une transition, du lien entre le moi et l\u2019autre. Ainsi, ce va-et-vient \u00e9claire\u2026","rel":"","context":"Article similaire","block_context":{"text":"Article similaire","link":""},"img":{"alt_text":"","src":"","width":0,"height":0},"classes":[]},{"id":965,"url":"https:\/\/www.esquisses.eu\/revue\/thematique\/nuit\/","url_meta":{"origin":4,"position":3},"title":"Nuit","author":"Administrateur","date":"6 septembre 2023","format":false,"excerpt":"\u00c0 l'aube d'une nouvelle \u00e9dition de la revue Esquisses, quelques mots de Bernard Salignon pour ouvrir la th\u00e9matique Nuit avant de d\u00e9couvrir les textes et les cr\u00e9ations. La nuit sort d\u2019un \u00e9clair Si le jour nous met dans la finitude concr\u00e8te du monde et des objets que nous voyons, si\u2026","rel":"","context":"Article similaire","block_context":{"text":"Article similaire","link":""},"img":{"alt_text":"","src":"","width":0,"height":0},"classes":[]},{"id":2674,"url":"https:\/\/www.esquisses.eu\/revue\/thematique\/souffle\/","url_meta":{"origin":4,"position":4},"title":"Souffle","author":"Administrateur","date":"10 novembre 2025","format":false,"excerpt":"Esquisses \u2013 en mouvement s'enrichit ce mois de novembre 2025 d'une septi\u00e8me th\u00e9matique\u00a0:\u00a0Souffle. D\u2019une puissance po\u00e9tique certaine, Souffle a inspir\u00e9 autant d\u2019approches cr\u00e9atrices \u2013 po\u00e8mes, sculptures, musique, feuillets d'artiste, photographies \u2013 que d\u2019approches litt\u00e9raires \u2013 \u00e9tudes d\u2019\u00e9critures, analyses d\u2019un roman, d\u2019une pi\u00e8ce de th\u00e9\u00e2tre, d\u2019\u0153uvres po\u00e9tiques. Cette richesse de perspectives\u2026","rel":"","context":"Article similaire","block_context":{"text":"Article similaire","link":""},"img":{"alt_text":"","src":"https:\/\/i0.wp.com\/www.esquisses.eu\/revue\/wp-content\/uploads\/2025\/10\/Fond_blanc-3.png?resize=350%2C200&ssl=1","width":350,"height":200},"classes":[]},{"id":19,"url":"https:\/\/www.esquisses.eu\/revue\/creations\/","url_meta":{"origin":4,"position":5},"title":"Cr\u00e9ations","author":"Pauline DESIDERIO","date":"10 juin 2015","format":false,"excerpt":"Cette rubrique est consacr\u00e9e au geste cr\u00e9atif dans ses expressions multiples tels que l'\u00e9criture po\u00e9tique, la peinture, la sculpture, l'architecture, le dessin... \u00c0 la lisi\u00e8re entre recherche et conception, ces productions ouvrent le champ des questionnements esth\u00e9tiques, esquissent la travers\u00e9e de la pens\u00e9e. D'un mouvement en accomplissement, une subjectivit\u00e9 est\u2026","rel":"","context":"Avec 2 commentaires","block_context":{"text":"Avec 2 commentaires","link":"https:\/\/www.esquisses.eu\/revue\/creations\/#comments"},"img":{"alt_text":"","src":"","width":0,"height":0},"classes":[]}],"_links":{"self":[{"href":"https:\/\/www.esquisses.eu\/revue\/wp-json\/wp\/v2\/pages\/4"}],"collection":[{"href":"https:\/\/www.esquisses.eu\/revue\/wp-json\/wp\/v2\/pages"}],"about":[{"href":"https:\/\/www.esquisses.eu\/revue\/wp-json\/wp\/v2\/types\/page"}],"author":[{"embeddable":true,"href":"https:\/\/www.esquisses.eu\/revue\/wp-json\/wp\/v2\/users\/6"}],"replies":[{"embeddable":true,"href":"https:\/\/www.esquisses.eu\/revue\/wp-json\/wp\/v2\/comments?post=4"}],"version-history":[{"count":27,"href":"https:\/\/www.esquisses.eu\/revue\/wp-json\/wp\/v2\/pages\/4\/revisions"}],"predecessor-version":[{"id":1636,"href":"https:\/\/www.esquisses.eu\/revue\/wp-json\/wp\/v2\/pages\/4\/revisions\/1636"}],"wp:attachment":[{"href":"https:\/\/www.esquisses.eu\/revue\/wp-json\/wp\/v2\/media?parent=4"}],"curies":[{"name":"wp","href":"https:\/\/api.w.org\/{rel}","templated":true}]}}