{"id":427,"date":"2018-09-14T21:26:32","date_gmt":"2018-09-14T20:26:32","guid":{"rendered":"http:\/\/www.esquisses.eu\/revue\/?page_id=427"},"modified":"2020-04-23T19:42:56","modified_gmt":"2020-04-23T18:42:56","slug":"apparition","status":"publish","type":"page","link":"https:\/\/www.esquisses.eu\/revue\/thematique\/apparition\/","title":{"rendered":"Appara\u00eetre"},"content":{"rendered":"<p><a href=\"https:\/\/i0.wp.com\/www.esquisses.eu\/revue\/wp-content\/uploads\/2018\/09\/les_-chemins-_de-_l_apparaitre.jpg?ssl=1\"><img data-attachment-id=\"429\" data-permalink=\"https:\/\/www.esquisses.eu\/revue\/thematique\/apparition\/les_-chemins-_de-_l_apparaitre-2\/\" data-orig-file=\"https:\/\/i0.wp.com\/www.esquisses.eu\/revue\/wp-content\/uploads\/2018\/09\/les_-chemins-_de-_l_apparaitre.jpg?fit=1129%2C818&amp;ssl=1\" data-orig-size=\"1129,818\" data-comments-opened=\"0\" data-image-meta=\"{&quot;aperture&quot;:&quot;0&quot;,&quot;credit&quot;:&quot;&quot;,&quot;camera&quot;:&quot;&quot;,&quot;caption&quot;:&quot;&quot;,&quot;created_timestamp&quot;:&quot;0&quot;,&quot;copyright&quot;:&quot;&quot;,&quot;focal_length&quot;:&quot;0&quot;,&quot;iso&quot;:&quot;0&quot;,&quot;shutter_speed&quot;:&quot;0&quot;,&quot;title&quot;:&quot;&quot;,&quot;orientation&quot;:&quot;0&quot;}\" data-image-title=\"les_ chemins _de _l_apparaitre\" data-image-description=\"\" data-image-caption=\"\" data-medium-file=\"https:\/\/i0.wp.com\/www.esquisses.eu\/revue\/wp-content\/uploads\/2018\/09\/les_-chemins-_de-_l_apparaitre.jpg?fit=300%2C217&amp;ssl=1\" data-large-file=\"https:\/\/i0.wp.com\/www.esquisses.eu\/revue\/wp-content\/uploads\/2018\/09\/les_-chemins-_de-_l_apparaitre.jpg?fit=1000%2C725&amp;ssl=1\" decoding=\"async\" loading=\"lazy\" class=\"wp-image-429 aligncenter\" src=\"https:\/\/i0.wp.com\/www.esquisses.eu\/revue\/wp-content\/uploads\/2018\/09\/les_-chemins-_de-_l_apparaitre.jpg?resize=621%2C450&#038;ssl=1\" alt=\"\" width=\"621\" height=\"450\" srcset=\"https:\/\/i0.wp.com\/www.esquisses.eu\/revue\/wp-content\/uploads\/2018\/09\/les_-chemins-_de-_l_apparaitre.jpg?resize=1024%2C742&amp;ssl=1 1024w, https:\/\/i0.wp.com\/www.esquisses.eu\/revue\/wp-content\/uploads\/2018\/09\/les_-chemins-_de-_l_apparaitre.jpg?resize=300%2C217&amp;ssl=1 300w, https:\/\/i0.wp.com\/www.esquisses.eu\/revue\/wp-content\/uploads\/2018\/09\/les_-chemins-_de-_l_apparaitre.jpg?resize=768%2C556&amp;ssl=1 768w, https:\/\/i0.wp.com\/www.esquisses.eu\/revue\/wp-content\/uploads\/2018\/09\/les_-chemins-_de-_l_apparaitre.jpg?w=1129&amp;ssl=1 1129w\" sizes=\"(max-width: 621px) 100vw, 621px\" data-recalc-dims=\"1\" \/><\/a><\/p>\n<p>Cr\u00e9ations :<\/p>\n<blockquote class=\"wp-embedded-content\" data-secret=\"nqDTgP8vK9\"><p><a href=\"https:\/\/www.esquisses.eu\/revue\/cinq-autoportraits-photographiques-temps-de-lapparaitre-cristina-rap\/\">Cinq autoportraits photographiques -Temps de l&rsquo;Appara\u00eetre &#8211; Cristina Rap<\/a><\/p><\/blockquote>\n<p><iframe class=\"wp-embedded-content\" sandbox=\"allow-scripts\" security=\"restricted\" style=\"position: absolute; clip: rect(1px, 1px, 1px, 1px);\" src=\"https:\/\/www.esquisses.eu\/revue\/cinq-autoportraits-photographiques-temps-de-lapparaitre-cristina-rap\/embed\/#?secret=nqDTgP8vK9\" data-secret=\"nqDTgP8vK9\" width=\"600\" height=\"338\" title=\"\u00ab\u00a0Cinq autoportraits photographiques -Temps de l&rsquo;Appara\u00eetre &#8211; Cristina Rap\u00a0\u00bb &#8212; Esquisses\" frameborder=\"0\" marginwidth=\"0\" marginheight=\"0\" scrolling=\"no\"><\/iframe><\/p>\n<blockquote class=\"wp-embedded-content\" data-secret=\"hcbFJ7brJx\"><p><a href=\"https:\/\/www.esquisses.eu\/revue\/pas-encorps-trinh-lo\/\">Pas encor(ps) &#8211; Trinh Lo<\/a><\/p><\/blockquote>\n<p><iframe class=\"wp-embedded-content\" sandbox=\"allow-scripts\" security=\"restricted\" style=\"position: absolute; clip: rect(1px, 1px, 1px, 1px);\" src=\"https:\/\/www.esquisses.eu\/revue\/pas-encorps-trinh-lo\/embed\/#?secret=hcbFJ7brJx\" data-secret=\"hcbFJ7brJx\" width=\"600\" height=\"338\" title=\"\u00ab\u00a0Pas encor(ps) &#8211; Trinh Lo\u00a0\u00bb &#8212; Esquisses\" frameborder=\"0\" marginwidth=\"0\" marginheight=\"0\" scrolling=\"no\"><\/iframe><\/p>\n<blockquote class=\"wp-embedded-content\" data-secret=\"nkTQaiTKt7\"><p><a href=\"https:\/\/www.esquisses.eu\/revue\/apparaitre-par-etre-nour-dhouib\/\">\u00ab Appara\u00eetre par \u00eatre \u00bb &#8211; Nour Dhouib<\/a><\/p><\/blockquote>\n<p><iframe class=\"wp-embedded-content\" sandbox=\"allow-scripts\" security=\"restricted\" style=\"position: absolute; clip: rect(1px, 1px, 1px, 1px);\" src=\"https:\/\/www.esquisses.eu\/revue\/apparaitre-par-etre-nour-dhouib\/embed\/#?secret=nkTQaiTKt7\" data-secret=\"nkTQaiTKt7\" width=\"600\" height=\"338\" title=\"\u00ab\u00a0\u00ab Appara\u00eetre par \u00eatre \u00bb &#8211; Nour Dhouib\u00a0\u00bb &#8212; Esquisses\" frameborder=\"0\" marginwidth=\"0\" marginheight=\"0\" scrolling=\"no\"><\/iframe><\/p>\n<p>&nbsp;<\/p>\n<p>&nbsp;<\/p>\n<p>PDF de l&rsquo;appel \u00e0 communication : <a href=\"https:\/\/www.esquisses.eu\/revue\/wp-content\/uploads\/2018\/09\/les-chemins-de-lappara\u00eetre.pdf\">Les chemins de l&rsquo;appara\u00eetre<\/a><\/p>\n","protected":false},"excerpt":{"rendered":"<p>Cr\u00e9ations : Cinq autoportraits photographiques -Temps de l&rsquo;Appara\u00eetre &#8211; Cristina Rap Pas encor(ps) &#8211; Trinh Lo \u00ab Appara\u00eetre par \u00eatre \u00bb &#8211; Nour Dhouib &nbsp; &nbsp; PDF de l&rsquo;appel \u00e0 communication : Les chemins de l&rsquo;appara\u00eetre<\/p>\n","protected":false},"author":6,"featured_media":0,"parent":28,"menu_order":3,"comment_status":"closed","ping_status":"closed","template":"","meta":{"jetpack_post_was_ever_published":false},"jetpack_sharing_enabled":true,"jetpack_shortlink":"https:\/\/wp.me\/P8FFEZ-6T","jetpack-related-posts":[{"id":19,"url":"https:\/\/www.esquisses.eu\/revue\/creations\/","url_meta":{"origin":427,"position":0},"title":"Cr\u00e9ations","author":"Pauline DESIDERIO","date":"10 juin 2015","format":false,"excerpt":"Cette rubrique est consacr\u00e9e au geste cr\u00e9atif dans ses expressions multiples tels que l'\u00e9criture po\u00e9tique, la peinture, la sculpture, l'architecture, le dessin... \u00c0 la lisi\u00e8re entre recherche et conception, ces productions ouvrent le champ des questionnements esth\u00e9tiques, esquissent la travers\u00e9e de la pens\u00e9e. D'un mouvement en accomplissement, une subjectivit\u00e9 est\u2026","rel":"","context":"Avec 2 commentaires","block_context":{"text":"Avec 2 commentaires","link":"https:\/\/www.esquisses.eu\/revue\/creations\/#comments"},"img":{"alt_text":"","src":"","width":0,"height":0},"classes":[]},{"id":28,"url":"https:\/\/www.esquisses.eu\/revue\/thematique\/","url_meta":{"origin":427,"position":1},"title":"Th\u00e9matiques","author":"Administrateur","date":"10 juin 2015","format":false,"excerpt":"La page Th\u00e9matiques de cette revue pr\u00e9sente une multiplicit\u00e9 de textes, choisis pour cr\u00e9er un croisement sur un m\u00eame th\u00e8me, un miroir kal\u00e9idoscopique comme autant de visions singuli\u00e8res afin de d\u00e9ployer l'esquisse d'un cheminement transdisciplinaire. Souffle, la septi\u00e8me th\u00e9matique, a inspir\u00e9 musiciens, plasticiens, po\u00e8tes et amis des lettres. Novembre 2025.\u2026","rel":"","context":"Avec 1 commentaire","block_context":{"text":"Avec 1 commentaire","link":"https:\/\/www.esquisses.eu\/revue\/thematique\/#comments"},"img":{"alt_text":"","src":"","width":0,"height":0},"classes":[]},{"id":121,"url":"https:\/\/www.esquisses.eu\/revue\/thematique\/presences\/","url_meta":{"origin":427,"position":2},"title":"Pr\u00e9sences","author":"Administrateur","date":"4 f\u00e9vrier 2016","format":false,"excerpt":"Notre revue en ligne, donne \u00e0 travers les textes d\u2019auteurs (chercheurs, universitaires et analystes) une id\u00e9e en mouvement de la pr\u00e9sence comme travers\u00e9e et envoi d\u2019\u00e9criture h\u00e9t\u00e9rog\u00e8ne, qui chacune ouvre des br\u00e8ches, cr\u00e9e des singularit\u00e9s, donne \u00e0 penser. Et si le pr\u00e9sent se d\u00e9cline entre ce qui est et ce\u2026","rel":"","context":"Article similaire","block_context":{"text":"Article similaire","link":""},"img":{"alt_text":"","src":"","width":0,"height":0},"classes":[]},{"id":227,"url":"https:\/\/www.esquisses.eu\/revue\/peripeties\/","url_meta":{"origin":427,"position":3},"title":"P\u00e9rip\u00e9ties","author":"Pauline DESIDERIO","date":"28 avril 2017","format":false,"excerpt":"Les textes de P\u00e9rip\u00e9ties am\u00e8nent \u00e0 des sentiers p\u00e9riph\u00e9riques aux th\u00e9matiques, car ils ne les d\u00e9veloppent pas directement. Or, ils proposent d\u2019autres ouvertures, pertinentes \u00e0 partager au sein de la revue qui est un lieu o\u00f9 se rassemblent les recherches esth\u00e9tiques dans des sujets \u00e9pars. Ces articles restent approuv\u00e9s par\u2026","rel":"","context":"Article similaire","block_context":{"text":"Article similaire","link":""},"img":{"alt_text":"","src":"","width":0,"height":0},"classes":[]},{"id":16,"url":"https:\/\/www.esquisses.eu\/revue\/textes-inedits\/","url_meta":{"origin":427,"position":4},"title":"Textes in\u00e9dits","author":"Administrateur","date":"10 juin 2015","format":false,"excerpt":"Les textes in\u00e9dits sont pour la plupart le prolongement des conf\u00e9rences tenues dans l'\u00e9quipe de recherche en esth\u00e9tique au sein de l'Universit\u00e9 Paul Val\u00e9ry. http:\/\/www.esquisses.eu\/revue\/anny-chastang-meduse-ou-la-lettre-interdite-1990\/ http:\/\/www.esquisses.eu\/revue\/jean-oury-vie-quotidienne-rythme-et-presence-1986\/ http:\/\/www.esquisses.eu\/revue\/marc-richir-vie-et-mort-en-phenomenologie\/","rel":"","context":"Article similaire","block_context":{"text":"Article similaire","link":""},"img":{"alt_text":"","src":"","width":0,"height":0},"classes":[]},{"id":721,"url":"https:\/\/www.esquisses.eu\/revue\/thematique\/lesquisse-et-lindecis\/","url_meta":{"origin":427,"position":5},"title":"L&rsquo;esquisse et l&rsquo;ind\u00e9cis","author":"Administrateur","date":"23 avril 2020","format":false,"excerpt":"Dans le croisement des recherches men\u00e9es par les doctorants en Esth\u00e9tique \u00e0 l'Universit\u00e9 Paul Val\u00e9ry de Montpellier, il appara\u00eet qu'un th\u00e8me transversal se fait jour autour de la notion d'ind\u00e9cis, notion qui permet d'instaurer un dialogue\u00a0entre\u00a0la peinture, l'installation et la po\u00e9sie. Dans le prolongement de Verlaine pour qui\u00a0ind\u00e9cis et pr\u00e9cis\u2026","rel":"","context":"Article similaire","block_context":{"text":"Article similaire","link":""},"img":{"alt_text":"","src":"https:\/\/i0.wp.com\/www.esquisses.eu\/revue\/wp-content\/uploads\/2020\/04\/Affiche-colloque.jpg?resize=350%2C200&ssl=1","width":350,"height":200},"classes":[]}],"_links":{"self":[{"href":"https:\/\/www.esquisses.eu\/revue\/wp-json\/wp\/v2\/pages\/427"}],"collection":[{"href":"https:\/\/www.esquisses.eu\/revue\/wp-json\/wp\/v2\/pages"}],"about":[{"href":"https:\/\/www.esquisses.eu\/revue\/wp-json\/wp\/v2\/types\/page"}],"author":[{"embeddable":true,"href":"https:\/\/www.esquisses.eu\/revue\/wp-json\/wp\/v2\/users\/6"}],"replies":[{"embeddable":true,"href":"https:\/\/www.esquisses.eu\/revue\/wp-json\/wp\/v2\/comments?post=427"}],"version-history":[{"count":11,"href":"https:\/\/www.esquisses.eu\/revue\/wp-json\/wp\/v2\/pages\/427\/revisions"}],"predecessor-version":[{"id":746,"href":"https:\/\/www.esquisses.eu\/revue\/wp-json\/wp\/v2\/pages\/427\/revisions\/746"}],"up":[{"embeddable":true,"href":"https:\/\/www.esquisses.eu\/revue\/wp-json\/wp\/v2\/pages\/28"}],"wp:attachment":[{"href":"https:\/\/www.esquisses.eu\/revue\/wp-json\/wp\/v2\/media?parent=427"}],"curies":[{"name":"wp","href":"https:\/\/api.w.org\/{rel}","templated":true}]}}